{"id":2285,"date":"2023-08-01T10:03:59","date_gmt":"2023-08-01T10:03:59","guid":{"rendered":"https:\/\/www.vansteenberge.com\/product\/dragon-dor-fume\/"},"modified":"2026-04-28T20:21:45","modified_gmt":"2026-04-28T18:21:45","slug":"gulden-draak-smoked","status":"publish","type":"product","link":"https:\/\/www.vansteenberge.com\/fr\/product\/gulden-draak-smoked-33cl\/","title":{"rendered":"Gulden Draak Smoked &#8211; 33cl"},"content":{"rendered":"<div class=\"grid__12 grid__6@med flex flex-column flex-justify-center\">\n<div class=\"grid__12 grid__6@med flex flex-column flex-justify-center\">\n<div class=\"grid__12 grid__6@med flex flex-column flex-justify-center\">\n<div class=\"spacer block--lists\">\n<p>Pour la cr\u00e9ation de Gulden Draak Smoked, il faut revenir \u00e0 la tradition ancestrale du s\u00e9chage du malt : le fumage du malt. Cela a donn\u00e9 une touche fum\u00e9e au malt, que l&rsquo;on retrouve donc dans la bi\u00e8re par la suite. Cet ar\u00f4me de fum\u00e9e typique s&rsquo;est perdu au fil des ans, les techniques de s\u00e9chage du malt \u00e9tant devenues beaucoup plus efficaces.<\/p>\n<p>Portrait ajust\u00e9 au bon format<br \/>\nL&rsquo;utilisation de malt fum\u00e9 combin\u00e9e \u00e0 la sp\u00e9cialit\u00e9 de la brasserie Van Steenberge donne un r\u00e9sultat spectaculaire : une bi\u00e8re de fermentation haute de grande qualit\u00e9 avec une fermentation secondaire en bouteille, baptis\u00e9e Gulden Draak Smoked. Le malt fum\u00e9 utilis\u00e9 dans la recette conf\u00e8re \u00e0 la bi\u00e8re une saveur velout\u00e9e et torr\u00e9fi\u00e9e.<\/p>\n<\/div>\n<\/div>\n<\/div>\n<\/div>\n","protected":false},"excerpt":{"rendered":"<p>Zwaar, donker gerookt bier.<\/p>\n","protected":false},"featured_media":4481,"comment_status":"closed","ping_status":"closed","template":"","meta":{"_acf_changed":false,"bwfblock_default_font":""},"product_brand":[],"product_cat":[162,116],"product_tag":[],"class_list":{"0":"post-2285","1":"product","2":"type-product","3":"status-publish","4":"has-post-thumbnail","6":"product_cat-biere","7":"product_cat-gulden-draak","8":"entry","9":"has-media","11":"first","12":"instock","13":"taxable","14":"shipping-taxable","15":"purchasable","16":"product-type-simple"},"acf":[],"_links":{"self":[{"href":"https:\/\/www.vansteenberge.com\/fr\/wp-json\/wp\/v2\/product\/2285","targetHints":{"allow":["GET"]}}],"collection":[{"href":"https:\/\/www.vansteenberge.com\/fr\/wp-json\/wp\/v2\/product"}],"about":[{"href":"https:\/\/www.vansteenberge.com\/fr\/wp-json\/wp\/v2\/types\/product"}],"replies":[{"embeddable":true,"href":"https:\/\/www.vansteenberge.com\/fr\/wp-json\/wp\/v2\/comments?post=2285"}],"wp:featuredmedia":[{"embeddable":true,"href":"https:\/\/www.vansteenberge.com\/fr\/wp-json\/wp\/v2\/media\/4481"}],"wp:attachment":[{"href":"https:\/\/www.vansteenberge.com\/fr\/wp-json\/wp\/v2\/media?parent=2285"}],"wp:term":[{"taxonomy":"product_brand","embeddable":true,"href":"https:\/\/www.vansteenberge.com\/fr\/wp-json\/wp\/v2\/product_brand?post=2285"},{"taxonomy":"product_cat","embeddable":true,"href":"https:\/\/www.vansteenberge.com\/fr\/wp-json\/wp\/v2\/product_cat?post=2285"},{"taxonomy":"product_tag","embeddable":true,"href":"https:\/\/www.vansteenberge.com\/fr\/wp-json\/wp\/v2\/product_tag?post=2285"}],"curies":[{"name":"wp","href":"https:\/\/api.w.org\/{rel}","templated":true}]}}