{"id":3174,"date":"2023-09-28T08:48:41","date_gmt":"2023-09-28T08:48:41","guid":{"rendered":"https:\/\/www.vansteenberge.com\/?post_type=product&#038;p=3174"},"modified":"2025-12-22T16:49:46","modified_gmt":"2025-12-22T15:49:46","slug":"gulden-draak-cuvee-prestige-madeira","status":"publish","type":"product","link":"https:\/\/www.vansteenberge.com\/fr\/product\/gulden-draak-cuvee-prestige-madeira\/","title":{"rendered":"Gulden Draak Cuv\u00e9e Prestige Madeira 75cl"},"content":{"rendered":"<div class=\"wpb-content-wrapper\">[vc_row][vc_column][vc_column_text]\n<div class=\"wpb_text_column wpb_content_element \">\n<div class=\"wpb_wrapper\">\n<p>Le processus unique \u00e0 l\u2019origine de la Gulden Draak Cuv\u00e9e Prestige Madeira.<\/p>\n<p>Pour cette nouvelle version de la Cuv\u00e9e Prestige, la Gulden Draak Classic a repos\u00e9, apr\u00e8s fermentation, pendant 30 semaines dans des f\u00fbts de mad\u00e8re sp\u00e9cialement s\u00e9lectionn\u00e9s. Ces f\u00fbts en provenance du Portugal n\u2019ont \u00e9t\u00e9 pr\u00e9alablement utilis\u00e9s que trois fois. Apr\u00e8s maturation, la bi\u00e8re passe par une seconde fermentation classique avec une levure de vin unique et sp\u00e9cifique, garante d\u2019un parfait \u00e9quilibre.<\/p>\n<p>Les caract\u00e9ristiques gustatives typiques de la Gulden Draak Classic s\u2019harmonisent admirablement avec les saveurs de noix grill\u00e9es, de fruits compot\u00e9s, de caramel et de toffee du mad\u00e8re. Il s\u2019agit une fois encore d\u2019un excellent m\u00e9lange qui ne fait que renforcer la saveur r\u00e9put\u00e9e de la Gulden Draak Classic. Une bi\u00e8re d\u00e9licieuse et originale \u00e0 d\u00e9guster avec mod\u00e9ration !<\/p>\n<\/div>\n<\/div>\n[\/vc_column_text][\/vc_column][\/vc_row]\n<\/div>","protected":false},"excerpt":{"rendered":"<p>\u00c9lev\u00e9 pendant 30 semaines en barriques de mad\u00e8re<\/p>\n","protected":false},"featured_media":56710,"comment_status":"closed","ping_status":"closed","template":"","meta":{"_acf_changed":false,"bwfblock_default_font":""},"product_brand":[],"product_cat":[162,116],"product_tag":[189],"class_list":{"0":"post-3174","1":"product","2":"type-product","3":"status-publish","4":"has-post-thumbnail","6":"product_cat-biere","7":"product_cat-gulden-draak","8":"product_tag-hide-in-carousel-fr","9":"entry","10":"has-media","12":"first","13":"instock","14":"taxable","15":"shipping-taxable","16":"purchasable","17":"product-type-simple"},"acf":[],"_links":{"self":[{"href":"https:\/\/www.vansteenberge.com\/fr\/wp-json\/wp\/v2\/product\/3174","targetHints":{"allow":["GET"]}}],"collection":[{"href":"https:\/\/www.vansteenberge.com\/fr\/wp-json\/wp\/v2\/product"}],"about":[{"href":"https:\/\/www.vansteenberge.com\/fr\/wp-json\/wp\/v2\/types\/product"}],"replies":[{"embeddable":true,"href":"https:\/\/www.vansteenberge.com\/fr\/wp-json\/wp\/v2\/comments?post=3174"}],"wp:featuredmedia":[{"embeddable":true,"href":"https:\/\/www.vansteenberge.com\/fr\/wp-json\/wp\/v2\/media\/56710"}],"wp:attachment":[{"href":"https:\/\/www.vansteenberge.com\/fr\/wp-json\/wp\/v2\/media?parent=3174"}],"wp:term":[{"taxonomy":"product_brand","embeddable":true,"href":"https:\/\/www.vansteenberge.com\/fr\/wp-json\/wp\/v2\/product_brand?post=3174"},{"taxonomy":"product_cat","embeddable":true,"href":"https:\/\/www.vansteenberge.com\/fr\/wp-json\/wp\/v2\/product_cat?post=3174"},{"taxonomy":"product_tag","embeddable":true,"href":"https:\/\/www.vansteenberge.com\/fr\/wp-json\/wp\/v2\/product_tag?post=3174"}],"curies":[{"name":"wp","href":"https:\/\/api.w.org\/{rel}","templated":true}]}}